{"version":"1.0","provider_name":"Iglesia San Nicol\u00e1s Valencia - Monumento hist\u00f3rico y tur\u00edstico - Capilla Sixtina","provider_url":"https:\/\/www.sannicolasvalencia.com\/en","author_name":"Editor","author_url":"https:\/\/www.sannicolasvalencia.com\/en\/author\/editor\/","title":"Domingo de Ramos | Iglesia San Nicol\u00e1s Valencia - Monumento hist\u00f3rico y tur\u00edstico - Capilla Sixtina","type":"rich","width":600,"height":338,"html":"<blockquote class=\"wp-embedded-content\" data-secret=\"Ih9O104U4Z\"><a href=\"https:\/\/www.sannicolasvalencia.com\/en\/2024\/04\/05\/domingo-de-ramos\/\">Domingo de Ramos<\/a><\/blockquote><iframe sandbox=\"allow-scripts\" security=\"restricted\" src=\"https:\/\/www.sannicolasvalencia.com\/en\/2024\/04\/05\/domingo-de-ramos\/embed\/#?secret=Ih9O104U4Z\" width=\"600\" height=\"338\" title=\"&#8220;Domingo de Ramos&#8221; &#8212; Iglesia San Nicol\u00e1s Valencia - Monumento hist\u00f3rico y tur\u00edstico - Capilla Sixtina\" data-secret=\"Ih9O104U4Z\" frameborder=\"0\" marginwidth=\"0\" marginheight=\"0\" scrolling=\"no\" class=\"wp-embedded-content\"><\/iframe><script>\n\/*! This file is auto-generated *\/\n!function(d,l){\"use strict\";l.querySelector&&d.addEventListener&&\"undefined\"!=typeof URL&&(d.wp=d.wp||{},d.wp.receiveEmbedMessage||(d.wp.receiveEmbedMessage=function(e){var t=e.data;if((t||t.secret||t.message||t.value)&&!\/[^a-zA-Z0-9]\/.test(t.secret)){for(var s,r,n,a=l.querySelectorAll('iframe[data-secret=\"'+t.secret+'\"]'),o=l.querySelectorAll('blockquote[data-secret=\"'+t.secret+'\"]'),c=new RegExp(\"^https?:$\",\"i\"),i=0;i<o.length;i++)o[i].style.display=\"none\";for(i=0;i<a.length;i++)s=a[i],e.source===s.contentWindow&&(s.removeAttribute(\"style\"),\"height\"===t.message?(1e3<(r=parseInt(t.value,10))?r=1e3:~~r<200&&(r=200),s.height=r):\"link\"===t.message&&(r=new URL(s.getAttribute(\"src\")),n=new URL(t.value),c.test(n.protocol))&&n.host===r.host&&l.activeElement===s&&(d.top.location.href=t.value))}},d.addEventListener(\"message\",d.wp.receiveEmbedMessage,!1),l.addEventListener(\"DOMContentLoaded\",function(){for(var e,t,s=l.querySelectorAll(\"iframe.wp-embedded-content\"),r=0;r<s.length;r++)(t=(e=s[r]).getAttribute(\"data-secret\"))||(t=Math.random().toString(36).substring(2,12),e.src+=\"#?secret=\"+t,e.setAttribute(\"data-secret\",t)),e.contentWindow.postMessage({message:\"ready\",secret:t},\"*\")},!1)))}(window,document);\n\/\/# sourceURL=https:\/\/www.sannicolasvalencia.com\/wp-includes\/js\/wp-embed.min.js\n<\/script>","thumbnail_url":"https:\/\/www.sannicolasvalencia.com\/wp-content\/uploads\/2024\/04\/WEB-328x221_2-AB_12H.jpg","thumbnail_width":328,"thumbnail_height":221,"description":"2 de abril de 2023 El pr\u00f3ximo domingo 2 de abril celebraremos en la parroquia de San Nicol\u00e1s Valencia el Domingo de Ramos. Este d\u00eda no forma parte del Triduo Pascual sino que es como su p\u00f3rtico. La Iglesia celebra este domingo dos aspectos: por una parte, la entrada del Se\u00f1or en la ciudad de [&hellip;]"}