{"version":"1.0","provider_name":"Iglesia San Nicol\u00e1s Valencia - Monumento hist\u00f3rico y tur\u00edstico - Capilla Sixtina","provider_url":"https:\/\/www.sannicolasvalencia.com\/en","author_name":"Editor","author_url":"https:\/\/www.sannicolasvalencia.com\/en\/author\/editor\/","title":"Concierto coral | Iglesia San Nicol\u00e1s Valencia - Monumento hist\u00f3rico y tur\u00edstico - Capilla Sixtina","type":"rich","width":600,"height":338,"html":"<blockquote class=\"wp-embedded-content\" data-secret=\"SBfRwDOGoR\"><a href=\"https:\/\/www.sannicolasvalencia.com\/en\/2024\/04\/05\/concierto-coral\/\">Concierto coral<\/a><\/blockquote><iframe sandbox=\"allow-scripts\" security=\"restricted\" src=\"https:\/\/www.sannicolasvalencia.com\/en\/2024\/04\/05\/concierto-coral\/embed\/#?secret=SBfRwDOGoR\" width=\"600\" height=\"338\" title=\"&#8220;Concierto coral&#8221; &#8212; Iglesia San Nicol\u00e1s Valencia - Monumento hist\u00f3rico y tur\u00edstico - Capilla Sixtina\" data-secret=\"SBfRwDOGoR\" frameborder=\"0\" marginwidth=\"0\" marginheight=\"0\" scrolling=\"no\" class=\"wp-embedded-content\"><\/iframe><script>\n\/*! This file is auto-generated *\/\n!function(d,l){\"use strict\";l.querySelector&&d.addEventListener&&\"undefined\"!=typeof URL&&(d.wp=d.wp||{},d.wp.receiveEmbedMessage||(d.wp.receiveEmbedMessage=function(e){var t=e.data;if((t||t.secret||t.message||t.value)&&!\/[^a-zA-Z0-9]\/.test(t.secret)){for(var s,r,n,a=l.querySelectorAll('iframe[data-secret=\"'+t.secret+'\"]'),o=l.querySelectorAll('blockquote[data-secret=\"'+t.secret+'\"]'),c=new RegExp(\"^https?:$\",\"i\"),i=0;i<o.length;i++)o[i].style.display=\"none\";for(i=0;i<a.length;i++)s=a[i],e.source===s.contentWindow&&(s.removeAttribute(\"style\"),\"height\"===t.message?(1e3<(r=parseInt(t.value,10))?r=1e3:~~r<200&&(r=200),s.height=r):\"link\"===t.message&&(r=new URL(s.getAttribute(\"src\")),n=new URL(t.value),c.test(n.protocol))&&n.host===r.host&&l.activeElement===s&&(d.top.location.href=t.value))}},d.addEventListener(\"message\",d.wp.receiveEmbedMessage,!1),l.addEventListener(\"DOMContentLoaded\",function(){for(var e,t,s=l.querySelectorAll(\"iframe.wp-embedded-content\"),r=0;r<s.length;r++)(t=(e=s[r]).getAttribute(\"data-secret\"))||(t=Math.random().toString(36).substring(2,12),e.src+=\"#?secret=\"+t,e.setAttribute(\"data-secret\",t)),e.contentWindow.postMessage({message:\"ready\",secret:t},\"*\")},!1)))}(window,document);\n\/\/# sourceURL=https:\/\/www.sannicolasvalencia.com\/wp-includes\/js\/wp-embed.min.js\n<\/script>","thumbnail_url":"https:\/\/www.sannicolasvalencia.com\/wp-content\/uploads\/2024\/04\/WhatsApp-Image-2023-01-18-at-17.21.47-2-1.jpeg","thumbnail_width":328,"thumbnail_height":221,"description":"El pr\u00f3ximo domingo 22 de enero a las 19:00h celebraremos en la parroquia-museo de San Nicol\u00e1s un nuevo concierto solidario con el coro formado por los alumnos de la Escuela Oficial de Idiomas de Valencia, quienes cantar\u00e1n obras de compositores como Sermisy, Passereau, Mozart o Bach, Cohen o Rutter, entre muchos m\u00e1s, para todos los [&hellip;]"}